{"id":18,"date":"2018-03-10T10:40:47","date_gmt":"2018-03-10T09:40:47","guid":{"rendered":"http:\/\/www.fcstpauli-visuell.de\/?page_id=18"},"modified":"2020-06-10T13:30:02","modified_gmt":"2020-06-10T11:30:02","slug":"home-2","status":"publish","type":"page","link":"http:\/\/blog.1910-museum.de\/fcstpauli-visuell\/","title":{"rendered":"Home"},"content":{"rendered":"<!--themify_builder_content-->\n<div id=\"themify_builder_content-18\" data-postid=\"18\" class=\"themify_builder_content themify_builder_content-18 themify_builder tf_clear\">\n                    <div  data-anchor=\"home\" data-lazy=\"1\" class=\"module_row themify_builder_row tb_has_section tb_section-home tb_v503191 tb_first tf_w\">\n                        <div class=\"row_inner col_align_middle tb_col_count_1 tf_box tf_rel\">\n                        <div  data-lazy=\"1\" class=\"module_column tb-column col-full tb_mupf901 first\">\n                    <!-- module image -->\n<div  class=\"module module-image tb_l5oq707 image-center   tf_mw hide-mobile\" data-lazy=\"1\">\n        <div class=\"image-wrap tf_rel tf_mw\">\n            <img loading=\"lazy\" decoding=\"async\" width=\"1200\" height=\"574\" src=\"http:\/\/blog.1910-museum.de\/fcstpauli-visuell\/wp-content\/uploads\/sites\/15\/Visuell_Startseite-1.png\" class=\"wp-post-image wp-image-190\" title=\"Visuell_Startseite\" alt=\"Visuell_Startseite\" srcset=\"http:\/\/blog.1910-museum.de\/fcstpauli-visuell\/wp-content\/uploads\/sites\/15\/Visuell_Startseite-1.png 1200w, http:\/\/blog.1910-museum.de\/fcstpauli-visuell\/wp-content\/uploads\/sites\/15\/Visuell_Startseite-1-300x144.png 300w, http:\/\/blog.1910-museum.de\/fcstpauli-visuell\/wp-content\/uploads\/sites\/15\/Visuell_Startseite-1-768x367.png 768w, http:\/\/blog.1910-museum.de\/fcstpauli-visuell\/wp-content\/uploads\/sites\/15\/Visuell_Startseite-1-1024x490.png 1024w\" sizes=\"auto, (max-width: 1200px) 100vw, 1200px\" \/>    \n        <\/div>\n    <!-- \/image-wrap -->\n    \n        <\/div>\n<!-- \/module image --><!-- module image -->\n<div  class=\"module module-image tb_72j4810 image-center   tf_mw hide-desktop hide-tablet\" data-lazy=\"1\">\n        <div class=\"image-wrap tf_rel tf_mw\">\n            <img loading=\"lazy\" decoding=\"async\" width=\"708\" height=\"740\" src=\"http:\/\/blog.1910-museum.de\/fcstpauli-visuell\/wp-content\/uploads\/sites\/15\/Visuell_Startseite_mobile.png\" class=\"wp-post-image wp-image-191\" title=\"Visuell_Startseite_mobile\" alt=\"Visuell_Startseite_mobile\" srcset=\"http:\/\/blog.1910-museum.de\/fcstpauli-visuell\/wp-content\/uploads\/sites\/15\/Visuell_Startseite_mobile.png 708w, http:\/\/blog.1910-museum.de\/fcstpauli-visuell\/wp-content\/uploads\/sites\/15\/Visuell_Startseite_mobile-287x300.png 287w\" sizes=\"auto, (max-width: 708px) 100vw, 708px\" \/>    \n        <\/div>\n    <!-- \/image-wrap -->\n    \n        <\/div>\n<!-- \/module image --><!-- module template_part -->\n<div  class=\"module module-layout-part tb_xo5x908 \">\n    <\/div>\n<!-- \/module template_part -->        <\/div>\n                        <\/div>\n        <\/div>\n                        <div  data-anchor=\"about\" data-lazy=\"1\" class=\"module_row themify_builder_row tb_has_section tb_section-about tb_lfp4011 tf_w\">\n                        <div class=\"row_inner col_align_middle tb_col_count_1 tf_box tf_rel\">\n                        <div  data-lazy=\"1\" class=\"module_column tb-column col-full tb_v9v2300 first\">\n                    <!-- module text -->\n<div  class=\"module module-text tb_r8gi707  repeat  hide-desktop hide-tablet\" data-lazy=\"1\">\n        <div  class=\"tb_text_wrap\">\n        <p>Konfetti und Tr\u00e4nen. Flutlicht und Schatten. Gro\u00dfe Gef\u00fchle und kleine Gesten: Die neue Ausstellung im FC St. Pauli-Museum zeigt beeindruckende Bilder aus dem Herzen des Vereins. Und zwar genau dort, wo es schl\u00e4gt: im Millerntor-Stadion auf dem Heiligengeistfeld. Sechs Fotografinnen und Fotografen, die dem FC St. Pauli seit vielen Jahren nahe stehen \u2013 als Fan, beruflich und immer mit Herz und Seele \u2013, haben aus ihren Bildersch\u00e4tzen die sch\u00f6nsten, ungew\u00f6hnlichsten, atmosph\u00e4rischsten, zum Teil auch: skurrilsten Aufnahmen ausgesucht. Ihre ganz pers\u00f6nlichen Ansichtssachen. Hinzu kommen noch nie gezeigte Rarit\u00e4ten aus dem Archiv des Museums.<br \/> Das Ergebnis ist ein multiperspektivisches Portr\u00e4t, das weit \u00fcber Fu\u00dfball und Sportfotografie hinausgeht \u2013 und eine Liebeserkl\u00e4rung ohne Worte, die niemanden unber\u00fchrt l\u00e4sst.<\/p>\n<p><strong>Ausstellung im FC St. Pauli-Museum am Millerntor<\/strong><br \/> <strong>16. M\u00e4rz bis 25. April + 28. April 2018<\/strong><br \/> Di. bis Fr. 16:00-20:00 Uhr \/ Sa. und So. 11:00 &#8211; mind. 18:00 Uhr<br \/><strong>28. April: 10:30 bis 19:30 Uhr <\/strong>(Heimspielpause ca. 12:30-15:30 Uhr)<strong><br \/>Eintritt: freiwillige Spende f\u00fcr 1910 e.V.<\/strong><\/p>\n<p><strong>Lange Nacht der Museen (mit\u00a0Sonderprogramm)<\/strong><br \/>Sa, 21.04.2018 \/ 18:00 &#8211; 02:00 Uhr<br \/>Von 11 bis 17 Uhr normaler Besuch; ab 18 Uhr Eintritt <em>ausschliesslich<\/em> \u00fcber Tickets f\u00fcr die Lange Nacht der Museen, unter\u00a0\u00a0<a href=\"https:\/\/www.langenachtdermuseen-hamburg.de\/museen\/fc-st-pauli-museum\/\" target=\"_blank\" rel=\"noopener\">langenachtdermuseen-hamburg.de<\/a> oder im Kartencenter des FC St. Pauli zu kaufen.<\/p>    <\/div>\n<\/div>\n<!-- \/module text --><!-- module image -->\n<div  class=\"module module-image tb_hvgq177 image-top   auto_fullwidth tf_mw hide-desktop hide-tablet\" data-lazy=\"1\">\n        <div class=\"image-wrap tf_rel tf_mw\">\n            <img loading=\"lazy\" decoding=\"async\" width=\"813\" height=\"320\" src=\"http:\/\/blog.1910-museum.de\/fcstpauli-visuell\/wp-content\/uploads\/sites\/15\/fcsp_visuell_zeiten.png\" class=\"wp-post-image wp-image-192\" title=\"fcsp_visuell_zeiten\" alt=\"fcsp_visuell_zeiten\" srcset=\"http:\/\/blog.1910-museum.de\/fcstpauli-visuell\/wp-content\/uploads\/sites\/15\/fcsp_visuell_zeiten.png 813w, http:\/\/blog.1910-museum.de\/fcstpauli-visuell\/wp-content\/uploads\/sites\/15\/fcsp_visuell_zeiten-300x118.png 300w, http:\/\/blog.1910-museum.de\/fcstpauli-visuell\/wp-content\/uploads\/sites\/15\/fcsp_visuell_zeiten-768x302.png 768w\" sizes=\"auto, (max-width: 813px) 100vw, 813px\" \/>    \n        <\/div>\n    <!-- \/image-wrap -->\n    \n        <\/div>\n<!-- \/module image -->        <div  data-lazy=\"1\" class=\"module_subrow themify_builder_sub_row tf_w gutter-narrow col_align_top tb_col_count_2 tb_zyon107\">\n                <div  data-lazy=\"1\" class=\"module_column sub_column col4-2 tb_iq38701 first\">\n                    <!-- module text -->\n<div  class=\"module module-text tb_l5dl009  repeat  hide-mobile\" data-lazy=\"1\">\n        <div  class=\"tb_text_wrap\">\n        <p>Konfetti und Tr\u00e4nen. Flutlicht und Schatten. Gro\u00dfe Gef\u00fchle und kleine Gesten: Die neue Ausstellung im FC St. Pauli-Museum zeigt beeindruckende Bilder aus dem Herzen des Vereins. Und zwar genau dort, wo es schl\u00e4gt: im Millerntor-Stadion auf dem Heiligengeistfeld. Sechs Fotografinnen und Fotografen, die dem FC St. Pauli seit vielen Jahren nahe stehen \u2013 als Fan, beruflich und immer mit Herz und Seele \u2013, haben aus ihren Bildersch\u00e4tzen die sch\u00f6nsten, ungew\u00f6hnlichsten, atmosph\u00e4rischsten, zum Teil auch: skurrilsten Aufnahmen ausgesucht. Ihre ganz pers\u00f6nlichen Ansichtssachen. Hinzu kommen noch nie gezeigte Rarit\u00e4ten aus dem Archiv des Museums.<br \/> Das Ergebnis ist ein multiperspektivisches Portr\u00e4t, das weit \u00fcber Fu\u00dfball und Sportfotografie hinausgeht \u2013 und eine Liebeserkl\u00e4rung ohne Worte, die niemanden unber\u00fchrt l\u00e4sst.<\/p>\n<p><strong>Ausstellung im FC St. Pauli Museum<\/strong><br \/> <strong>16. M\u00e4rz \u00a0bis 25. April + 28.\u00a0April 2018<\/strong><br \/> Di. bis Fr. 16:00-20:00 Uhr \/ Sa. und So. 11:00 &#8211; mind. 18:00 Uhr (alle\u00a0Zeiten <a href=\"http:\/\/www.fcstpauli-visuell.de\/#termine\">hier<\/a>)<br \/><strong>28. April: 10:30-19:30 <\/strong>(Heimspielpause ca. 12:30-15:30)<strong><br \/>Eintritt: freiwillige Spende f\u00fcr 1910 e.V.<\/strong><\/p>\n<p><strong>Lange Nacht der Museen<\/strong><br \/> 21.04.2018 \/ 18:00 &#8211; 02:00 Uhr<br \/>Am 21. April gilt von 11 bis 17 Uhr normaler Besuch; ab 18 Uhr Eintritt ausschliesslich \u00fcber Tickets f\u00fcr die Lange Nacht der Museen,<br \/> hier <a href=\"https:\/\/www.langenachtdermuseen-hamburg.de\/museen\/fc-st-pauli-museum\/\" target=\"_blank\" rel=\"noopener\">langenachtdermuseen-hamburg.de<\/a> oder im Kartencenter des FC St. Pauli zu kaufen.<\/p>    <\/div>\n<\/div>\n<!-- \/module text -->        <\/div>\n                    <div  data-lazy=\"1\" class=\"module_column sub_column col4-2 tb_kzxi191 last\">\n                    <!-- module image -->\n<div  class=\"module module-image tb_1x2z117 image-top   auto_fullwidth tf_mw hide-mobile\" data-lazy=\"1\">\n        <div class=\"image-wrap tf_rel tf_mw\">\n            <img loading=\"lazy\" decoding=\"async\" width=\"813\" height=\"320\" src=\"http:\/\/blog.1910-museum.de\/fcstpauli-visuell\/wp-content\/uploads\/sites\/15\/fcsp_visuell_zeiten.png\" class=\"wp-post-image wp-image-192\" title=\"fcsp_visuell_zeiten\" alt=\"fcsp_visuell_zeiten\" srcset=\"http:\/\/blog.1910-museum.de\/fcstpauli-visuell\/wp-content\/uploads\/sites\/15\/fcsp_visuell_zeiten.png 813w, http:\/\/blog.1910-museum.de\/fcstpauli-visuell\/wp-content\/uploads\/sites\/15\/fcsp_visuell_zeiten-300x118.png 300w, http:\/\/blog.1910-museum.de\/fcstpauli-visuell\/wp-content\/uploads\/sites\/15\/fcsp_visuell_zeiten-768x302.png 768w\" sizes=\"auto, (max-width: 813px) 100vw, 813px\" \/>    \n        <\/div>\n    <!-- \/image-wrap -->\n    \n        <\/div>\n<!-- \/module image -->        <\/div>\n                    <\/div>\n                <\/div>\n                        <\/div>\n        <\/div>\n                        <div  data-anchor=\"foto\" data-lazy=\"1\" class=\"module_row themify_builder_row tb_has_section tb_section-foto tb_fx2y012 tf_w\">\n                        <div class=\"row_inner col_align_middle tb_col_count_3 tf_box tf_rel\">\n                        <div  data-lazy=\"1\" class=\"module_column tb-column col3-1 tb_6csm301 first\">\n                    <!-- module image -->\n<div  class=\"module module-image tb_xi5q590 image-center   tf_mw hover-wow\" data-tf-animation_hover=\"pulse\" data-lazy=\"1\">\n        <div class=\"image-wrap tf_rel tf_mw\">\n            <a href=\"http:\/\/www.fcstpauli-visuell.de\/antje-frohmueller\/\">\n                   <img loading=\"lazy\" decoding=\"async\" width=\"400\" height=\"258\" src=\"http:\/\/blog.1910-museum.de\/fcstpauli-visuell\/wp-content\/uploads\/sites\/15\/AntjeFrohmueller_by_StefanGroenveld_201707_frame32-1.jpg\" class=\"wp-post-image wp-image-28\" title=\"AntjeFrohmueller_by_StefanGroenveld_201707_frame32\" alt=\"AntjeFrohmueller_by_StefanGroenveld_201707_frame32\" srcset=\"http:\/\/blog.1910-museum.de\/fcstpauli-visuell\/wp-content\/uploads\/sites\/15\/AntjeFrohmueller_by_StefanGroenveld_201707_frame32-1.jpg 400w, http:\/\/blog.1910-museum.de\/fcstpauli-visuell\/wp-content\/uploads\/sites\/15\/AntjeFrohmueller_by_StefanGroenveld_201707_frame32-1-300x194.jpg 300w, http:\/\/blog.1910-museum.de\/fcstpauli-visuell\/wp-content\/uploads\/sites\/15\/AntjeFrohmueller_by_StefanGroenveld_201707_frame32-1-200x129.jpg 200w\" sizes=\"auto, (max-width: 400px) 100vw, 400px\" \/>        <\/a>\n    \n        <\/div>\n    <!-- \/image-wrap -->\n    \n        <\/div>\n<!-- \/module image --><!-- module plain text -->\n<div  class=\"module module-plain-text tb_tjq3911 \" data-lazy=\"1\">\n        <div class=\"tb_text_wrap\">\n    Antje Frohm\u00fcller    <\/div>\n<\/div>\n<!-- \/module plain text --><!-- module divider -->\n<div  class=\"module tf_mw module-divider tb_5zhy030 solid   \" style=\"border-width: 1px;border-color: #2e3236;\" data-lazy=\"1\">\n    <\/div>\n<!-- \/module divider -->\n<!-- module image -->\n<div  class=\"module module-image tb_u9kl771 image-top   tf_mw hover-wow\" data-tf-animation_hover=\"pulse\" data-lazy=\"1\">\n        <div class=\"image-wrap tf_rel tf_mw\">\n            <a href=\"http:\/\/www.fcstpauli-visuell.de\/selim-sudheimer\/\">\n                   <img loading=\"lazy\" decoding=\"async\" width=\"557\" height=\"359\" src=\"http:\/\/blog.1910-museum.de\/fcstpauli-visuell\/wp-content\/uploads\/sites\/15\/Version-2.jpg\" class=\"wp-post-image wp-image-401\" title=\"Version 2\" alt=\"Version 2\" srcset=\"http:\/\/blog.1910-museum.de\/fcstpauli-visuell\/wp-content\/uploads\/sites\/15\/Version-2.jpg 557w, http:\/\/blog.1910-museum.de\/fcstpauli-visuell\/wp-content\/uploads\/sites\/15\/Version-2-300x193.jpg 300w, http:\/\/blog.1910-museum.de\/fcstpauli-visuell\/wp-content\/uploads\/sites\/15\/Version-2-200x128.jpg 200w\" sizes=\"auto, (max-width: 557px) 100vw, 557px\" \/>        <\/a>\n    \n        <\/div>\n    <!-- \/image-wrap -->\n    \n        <\/div>\n<!-- \/module image --><!-- module plain text -->\n<div  class=\"module module-plain-text tb_he6r107 \" data-lazy=\"1\">\n        <div class=\"tb_text_wrap\">\n    Selim Sudheimer    <\/div>\n<\/div>\n<!-- \/module plain text -->        <\/div>\n                    <div  data-lazy=\"1\" class=\"module_column tb-column col3-1 tb_7n6v970\">\n                    <!-- module image -->\n<div  class=\"module module-image tb_eavj000 image-top   tf_mw hover-wow\" data-tf-animation_hover=\"pulse\" data-lazy=\"1\">\n        <div class=\"image-wrap tf_rel tf_mw\">\n            <a href=\"http:\/\/www.fcstpauli-visuell.de\/ariane-gramelspacher\/\">\n                   <img decoding=\"async\" src=\"http:\/\/blog.1910-museum.de\/fcstpauli-visuell\/wp-content\/uploads\/sites\/15\/ariane_gramelspacher\u00a9antje_frohmu?ller.jpg\" title=\"Home\" alt=\"Home\">        <\/a>\n    \n        <\/div>\n    <!-- \/image-wrap -->\n    \n        <\/div>\n<!-- \/module image --><!-- module plain text -->\n<div  class=\"module module-plain-text tb_1yxr110 \" data-lazy=\"1\">\n        <div class=\"tb_text_wrap\">\n    Ariane Gramelspacher    <\/div>\n<\/div>\n<!-- \/module plain text --><!-- module divider -->\n<div  class=\"module tf_mw module-divider tb_saey960 solid   \" style=\"border-width: 1px;border-color: #2e3236;\" data-lazy=\"1\">\n    <\/div>\n<!-- \/module divider -->\n<!-- module image -->\n<div  class=\"module module-image tb_zsf0690 image-top   tf_mw hover-wow\" data-tf-animation_hover=\"pulse\" data-lazy=\"1\">\n        <div class=\"image-wrap tf_rel tf_mw\">\n            <a href=\"http:\/\/www.fcstpauli-visuell.de\/sabine-scheller\/\">\n                   <img loading=\"lazy\" decoding=\"async\" width=\"400\" height=\"258\" src=\"http:\/\/blog.1910-museum.de\/fcstpauli-visuell\/wp-content\/uploads\/sites\/15\/Fotografenprofil_SabineScheller_StefanGroenveld_20170527_013.jpg\" class=\"wp-post-image wp-image-25\" title=\"Fotografenprofil_SabineScheller_StefanGroenveld_20170527_013\" alt=\"Fotografenprofil_SabineScheller_StefanGroenveld_20170527_013\" srcset=\"http:\/\/blog.1910-museum.de\/fcstpauli-visuell\/wp-content\/uploads\/sites\/15\/Fotografenprofil_SabineScheller_StefanGroenveld_20170527_013.jpg 400w, http:\/\/blog.1910-museum.de\/fcstpauli-visuell\/wp-content\/uploads\/sites\/15\/Fotografenprofil_SabineScheller_StefanGroenveld_20170527_013-300x194.jpg 300w, http:\/\/blog.1910-museum.de\/fcstpauli-visuell\/wp-content\/uploads\/sites\/15\/Fotografenprofil_SabineScheller_StefanGroenveld_20170527_013-200x129.jpg 200w\" sizes=\"auto, (max-width: 400px) 100vw, 400px\" \/>        <\/a>\n    \n        <\/div>\n    <!-- \/image-wrap -->\n    \n        <\/div>\n<!-- \/module image --><!-- module plain text -->\n<div  class=\"module module-plain-text tb_n975310 \" data-lazy=\"1\">\n        <div class=\"tb_text_wrap\">\n    Sabine Scheller    <\/div>\n<\/div>\n<!-- \/module plain text -->        <\/div>\n                    <div  data-lazy=\"1\" class=\"module_column tb-column col3-1 tb_jltz171 last\">\n                    <!-- module image -->\n<div  class=\"module module-image tb_gaiz010 image-top   tf_mw hover-wow\" data-tf-animation_hover=\"pulse\" data-lazy=\"1\">\n        <div class=\"image-wrap tf_rel tf_mw\">\n            <a href=\"http:\/\/www.fcstpauli-visuell.de\/peter-boehmer\/\">\n                   <img loading=\"lazy\" decoding=\"async\" width=\"400\" height=\"258\" src=\"http:\/\/blog.1910-museum.de\/fcstpauli-visuell\/wp-content\/uploads\/sites\/15\/peterboehmer_profilfoto.jpg\" class=\"wp-post-image wp-image-30\" title=\"peterboehmer_profilfoto\" alt=\"peterboehmer_profilfoto\" srcset=\"http:\/\/blog.1910-museum.de\/fcstpauli-visuell\/wp-content\/uploads\/sites\/15\/peterboehmer_profilfoto.jpg 400w, http:\/\/blog.1910-museum.de\/fcstpauli-visuell\/wp-content\/uploads\/sites\/15\/peterboehmer_profilfoto-300x194.jpg 300w, http:\/\/blog.1910-museum.de\/fcstpauli-visuell\/wp-content\/uploads\/sites\/15\/peterboehmer_profilfoto-200x129.jpg 200w\" sizes=\"auto, (max-width: 400px) 100vw, 400px\" \/>        <\/a>\n    \n        <\/div>\n    <!-- \/image-wrap -->\n    \n        <\/div>\n<!-- \/module image --><!-- module plain text -->\n<div  class=\"module module-plain-text tb_mr51985 \" data-lazy=\"1\">\n        <div class=\"tb_text_wrap\">\n    Peter Boehmer    <\/div>\n<\/div>\n<!-- \/module plain text --><!-- module divider -->\n<div  class=\"module tf_mw module-divider tb_0k73808 solid   \" style=\"border-width: 1px;border-color: #2e3236;\" data-lazy=\"1\">\n    <\/div>\n<!-- \/module divider -->\n<!-- module image -->\n<div  class=\"module module-image tb_6idz002 image-top   tf_mw hover-wow\" data-tf-animation_hover=\"pulse\" data-lazy=\"1\">\n        <div class=\"image-wrap tf_rel tf_mw\">\n            <a href=\"http:\/\/www.fcstpauli-visuell.de\/swen-schulz\/\">\n                   <img loading=\"lazy\" decoding=\"async\" width=\"400\" height=\"258\" src=\"http:\/\/blog.1910-museum.de\/fcstpauli-visuell\/wp-content\/uploads\/sites\/15\/Swen-Schulz-IMG_8796.jpg\" class=\"wp-post-image wp-image-26\" title=\"Swen-Schulz-IMG_8796\" alt=\"Swen-Schulz-IMG_8796\" srcset=\"http:\/\/blog.1910-museum.de\/fcstpauli-visuell\/wp-content\/uploads\/sites\/15\/Swen-Schulz-IMG_8796.jpg 400w, http:\/\/blog.1910-museum.de\/fcstpauli-visuell\/wp-content\/uploads\/sites\/15\/Swen-Schulz-IMG_8796-300x194.jpg 300w, http:\/\/blog.1910-museum.de\/fcstpauli-visuell\/wp-content\/uploads\/sites\/15\/Swen-Schulz-IMG_8796-200x129.jpg 200w\" sizes=\"auto, (max-width: 400px) 100vw, 400px\" \/>        <\/a>\n    \n        <\/div>\n    <!-- \/image-wrap -->\n    \n        <\/div>\n<!-- \/module image --><!-- module plain text -->\n<div  class=\"module module-plain-text tb_o4fl979 \" data-lazy=\"1\">\n        <div class=\"tb_text_wrap\">\n    Swen Schulz    <\/div>\n<\/div>\n<!-- \/module plain text -->        <\/div>\n                        <\/div>\n        <\/div>\n                        <div  data-anchor=\"termine\" data-lazy=\"1\" class=\"module_row themify_builder_row tb_has_section tb_section-termine tb_znks790 tf_w\">\n                        <div class=\"row_inner col_align_middle tb_col_count_1 tf_box tf_rel\">\n                        <div  data-lazy=\"1\" class=\"module_column tb-column col-full tb_hyja077 first\">\n                    <!-- module text -->\n<div  class=\"module module-text tb_ayok770  repeat \" data-lazy=\"1\">\n        <div  class=\"tb_text_wrap\">\n        <h4>Sonderf\u00fchrung zur Ausstellung<\/h4>\n<p>mehr Informationen hier: <a href=\"http:\/\/www.fcstpauli-visuell.de\/sonderfuehrung\/\">Sonderf\u00fchrung<\/a><\/p>    <\/div>\n<\/div>\n<!-- \/module text -->        <div  data-lazy=\"1\" class=\"module_subrow themify_builder_sub_row tf_w gutter-narrow col_align_top tb_col_count_4 tb_5wq8900\">\n                <div  data-lazy=\"1\" class=\"module_column sub_column col4-1 tb_d25h100 first\">\n                    <!-- module text -->\n<div  class=\"module module-text tb_sh5g001 NoMargin repeat \" data-lazy=\"1\">\n        <div  class=\"tb_text_wrap\">\n        <h6>Guide: Peter Boehmer<\/h6>\n<h6>Dauer: 120 Minuten<\/h6>\n<h6>Programm: 45 Min. Ausstellung &#8211; 75 Min. Stadion<\/h6>\n<h6>Preise: EUR 17,50 \/ 14,50 erm\u00e4\u00dfigt<\/h6>    <\/div>\n<\/div>\n<!-- \/module text -->        <\/div>\n                    <div  data-lazy=\"1\" class=\"module_column sub_column col4-1 tb_9p3l020\">\n                    <!-- module text -->\n<div  class=\"module module-text tb_q127100 NoMargin repeat \" data-lazy=\"1\">\n        <div  class=\"tb_text_wrap\">\n        <h6>Inklusive: Eintritt zur Ausstellung und Fanshop-Gutschein \u00fcber EUR 5,00<\/h6>\n<h6>Startzeit: Jeweils 11.30 Uhr<\/h6>\n<h6>Treffpunkt\/Start: Museum<\/h6>    <\/div>\n<\/div>\n<!-- \/module text -->        <\/div>\n                    <div  data-lazy=\"1\" class=\"module_column sub_column col4-1 tb_64ky200\">\n                    <!-- module text -->\n<div  class=\"module module-text tb_z6dx509 NoMargin repeat \" data-lazy=\"1\">\n        <div  class=\"tb_text_wrap\">\n        <h6>Termine:<\/h6>\n<h6>18.03.18, Sonntag\u00a0<\/h6>\n<h6>24.03.18, Samstag\u00a0<\/h6>\n<h6>25.03.18, Sonntag\u00a0<\/h6>    <\/div>\n<\/div>\n<!-- \/module text -->        <\/div>\n                    <div  data-lazy=\"1\" class=\"module_column sub_column col4-1 tb_hcdx008 last\">\n                    <!-- module text -->\n<div  class=\"module module-text tb_hdi8002 NoMargin repeat \" data-lazy=\"1\">\n        <div  class=\"tb_text_wrap\">\n        <h6>31.03.18, Samstag<\/h6>\n<h6>08.04.18, Sonntag\u00a0<\/h6>\n<h6>15.04.18, Samstag<\/h6>\n<h6>22.04.18, Sonntag\u00a0<\/h6>    <\/div>\n<\/div>\n<!-- \/module text -->        <\/div>\n                    <\/div>\n        <!-- module text -->\n<div  class=\"module module-text tb_ah8y492  repeat \" data-lazy=\"1\">\n        <div  class=\"tb_text_wrap\">\n        <h4>\u00d6ffnungszeiten und Termine<\/h4>    <\/div>\n<\/div>\n<!-- \/module text --><!-- module widget -->\n<div  class=\"module module-widget tb_slu5704  repeat\" data-lazy=\"1\">\n    <div class=\"widget_text widget widget_custom_html\"><div class=\"textwidget custom-html-widget\"><div class=\"terminbox terminbox_light\">\n<div>\n<p class=\"terminbox_head\">\n<b>16. M\u00e4rz, Fr.<\/b>\n<span>16 - 23 Uhr<\/span>\n<\/p>\n<\/div>\n<div class=\"terminbox_text\">\n<p>Erster \u00d6ffnungstag, Late Opening mit DJs und den FotografInnen. <b>19 Uhr Legendenf\u00fchrung mit Klaus \"Der wei\u00dfe Hai\" Ottens!<\/b><br>Keine Voranmeldung, keine zus\u00e4tzlichen Kosten.<\/p>\n<\/div>\n<\/div>\n\n<div class=\"terminbox  terminbox_light\">\n<div>\n<p class=\"terminbox_head\">\n<b>17. M\u00e4rz, Sa.<\/b>\n<span>11 - 21 Uhr<\/span>\n<\/p>\n<\/div>\n<div class=\"terminbox_text\">\n<p>\"Langer Samstag\"<\/p>\n<\/div>\n<\/div>\n\n<div class=\"terminbox terminbox_light\">\n<div>\n<p class=\"terminbox_head\">\n<b>18. M\u00e4rz, So.<\/b>\n<span>11 - 19 Uhr<\/span>\n<\/p>\n<\/div>\n<div class=\"terminbox_text\">\n<p>regul\u00e4re Ausstellung.<br>\n<b>11:30: Kombinierte Stadion- und Ausstellungsf\u00fchrung<\/b> mit Sportfotograf <a href=\"http:\/\/www.fcstpauli-visuell.de\/peter-boehmer\/\">Peter B\u00f6hmer.<\/a> Buchung <a href=\"https:\/\/www.eventimsports.de\/ols\/fcspsf\/de\/sof\/channel\/shop\/index\" target=\"_blank\">HIER.<\/a><\/p>\n<\/div>\n<\/div>\n\n<div class=\"terminbox\">\n<div>\n<p class=\"terminbox_head\">\n<b>20. M\u00e4rz, Di.<\/b>\n<span>16 - 19 Uhr<\/span>\n<\/p>\n<\/div>\n<div class=\"terminbox_text\">\n<p>fr\u00fche Schlie\u00dfung aufgrund geschlossener Veranstaltung<\/p>\n<\/div>\n<\/div>\n\n<div class=\"terminbox\">\n<div>\n<p class=\"terminbox_head\">\n<b>21. M\u00e4rz, Mi.<\/b>\n<span>16 - 20 Uhr<\/span>\n<\/p>\n<\/div>\n<div class=\"terminbox_text\">\n<p>regul\u00e4re Ausstellung<\/p>\n<\/div>\n<\/div>\n\n<div class=\"terminbox\">\n<div>\n<p class=\"terminbox_head\">\n<b>22. M\u00e4rz, Do.<\/b>\n<span>16 - 20 Uhr<\/span>\n<\/p>\n<\/div>\n<div class=\"terminbox_text\">\n<p>regul\u00e4re Ausstellung<\/p>\n<\/div>\n<\/div>\n\n<div class=\"terminbox\">\n<div>\n<p class=\"terminbox_head\">\n<b>23. M\u00e4rz, Fr.<\/b>\n<span>16 - 20 Uhr<\/span>\n<\/p>\n<\/div>\n<div class=\"terminbox_text\">\n<p>Anschlie\u00dfend: Weinprobe mit Winzer Georg Fogt, Ticketanfragen an <a href=\"mailto:info@1910-museum.de\">info@1910-museum.de<\/a><\/p>\n<\/div>\n<\/div>\n\n<div class=\"terminbox\">\n<div>\n<p class=\"terminbox_head\">\n<b>24. M\u00e4rz, Sa.<\/b>\n<span>11 - 18 Uhr<\/span>\n<\/p>\n<\/div>\n<div class=\"terminbox_text\">\n<p>regul\u00e4re Ausstellung<br><b>11:30: Kombinierte Stadion- und Ausstellungsf\u00fchrung<\/b> mit Sportfotograf <a href=\"http:\/\/www.fcstpauli-visuell.de\/peter-boehmer\/\">Peter B\u00f6hmer.<\/a> Buchung <a href=\"https:\/\/www.eventimsports.de\/ols\/fcspsf\/de\/sof\/channel\/shop\/index\" target=\"_blank\">HIER.<\/a><\/p>\n<\/div>\n<\/div>\n\n<div class=\"terminbox\">\n<div>\n<p class=\"terminbox_head\">\n<b>25. M\u00e4rz, So.<\/b>\n<span>11 - 19 Uhr<\/span>\n<\/p>\n<\/div>\n<div class=\"terminbox_text\">\n<p>regul\u00e4re Ausstellung<br><b>11:30: Kombinierte Stadion- und Ausstellungsf\u00fchrung<\/b> mit Sportfotograf <a href=\"http:\/\/www.fcstpauli-visuell.de\/peter-boehmer\/\">Peter B\u00f6hmer.<\/a> Buchung <a href=\"https:\/\/www.eventimsports.de\/ols\/fcspsf\/de\/sof\/channel\/shop\/index\" target=\"_blank\">HIER.<\/a><\/p>\n<\/div>\n<\/div>\n\n<div class=\"terminbox  terminbox_light\">\n<div>\n<p class=\"terminbox_head\">\n<b>27. M\u00e4rz, Di.<\/b>\n<span>16 - 20 Uhr<\/span>\n<\/p>\n<\/div>\n<div class=\"terminbox_text\">\n<p>regul\u00e4re Ausstellung<\/p>\n<\/div>\n<\/div>\n\n<div class=\"terminbox  terminbox_light\">\n<div>\n<p class=\"terminbox_head\">\n<b>28. M\u00e4rz, Mi.<\/b>\n<span>16 - 20 Uhr<\/span>\n<\/p>\n<\/div>\n<div class=\"terminbox_text\">\n<p>regul\u00e4re Ausstellung<\/p>\n<\/div>\n<\/div>\n\n<div class=\"terminbox  terminbox_light\">\n<div>\n<p class=\"terminbox_head\">\n<b>29. M\u00e4rz, Do.<\/b>\n<span>16 - 20 Uhr<\/span>\n<\/p>\n<\/div>\n<div class=\"terminbox_text\">\n<p>regul\u00e4re Ausstellung<\/p>\n<\/div>\n<\/div>\n\n<div class=\"terminbox  terminbox_light\">\n<div>\n<p class=\"terminbox_head\">\n<b>30. M\u00e4rz, Fr.<\/b>\n<span>16 - 20 Uhr<\/span>\n<\/p>\n<\/div>\n<div class=\"terminbox_text\">\n<p>regul\u00e4re Ausstellung<\/p>\n<\/div>\n<\/div>\n\n\n<div class=\"terminbox  terminbox_light\">\n<div>\n<p class=\"terminbox_head\">\n<b>31. M\u00e4rz, Sa.<\/b>\n<span>11 - 19 Uhr<\/span>\n<\/p>\n<\/div>\n<div class=\"terminbox_text\">\n<p>regul\u00e4re Ausstellung<br><b>11:30: Kombinierte Stadion- und Ausstellungsf\u00fchrung<\/b> mit Sportfotograf <a href=\"http:\/\/www.fcstpauli-visuell.de\/peter-boehmer\/\">Peter B\u00f6hmer.<\/a> Buchung <a href=\"https:\/\/www.eventimsports.de\/ols\/fcspsf\/de\/sof\/channel\/shop\/index\" target=\"_blank\">HIER.<\/a><\/p>\n<\/div>\n<\/div>\n\n<div class=\"terminbox  terminbox_light\">\n<div>\n<p class=\"terminbox_head\">\n<b>01. April, So.<\/b>\n<span>11 - 13 Uhr & 16 - 19 Uhr <\/span>\n<\/p>\n<\/div>\n<div class=\"terminbox_text\">\n<p>Heimspieltag! W\u00e4hrend des Spiels geschlossen<\/p>\n<\/div>\n<\/div>\n\n<div class=\"terminbox\">\n<div>\n<p class=\"terminbox_head\">\n<b>03. April, Di.<\/b>\n<span>16 - 20 Uhr<\/span>\n<\/p>\n<\/div>\n<div class=\"terminbox_text\">\n<p>regul\u00e4re Ausstellung<\/p>\n<\/div>\n<\/div>\n\n\n<div class=\"terminbox\">\n<div>\n<p class=\"terminbox_head\">\n<b>04. April, Mi.<\/b>\n<span>16 - 20 Uhr<\/span>\n<\/p>\n<\/div>\n<div class=\"terminbox_text\">\n<p>regul\u00e4re Ausstellung<\/p>\n<\/div>\n<\/div>\n\n<div class=\"terminbox\">\n<div>\n<p class=\"terminbox_head\">\n<b>05. April, Do.<\/b>\n<span>16 - 20 Uhr<\/span>\n<\/p>\n<\/div>\n<div class=\"terminbox_text\">\n<p>regul\u00e4re Ausstellung<\/p>\n<\/div>\n<\/div>\n\n<div class=\"terminbox\">\n<div>\n<p class=\"terminbox_head\">\n<b>06. April, Fr.<\/b>\n<span>16 - 19 Uhr<\/span>\n<\/p>\n<\/div>\n<div class=\"terminbox_text\">\n<p>Fr\u00fche Schlie\u00dfung aufgrund geschlossener Veranstaltung. Ab 16 Uhr F\u00fchrungen durch die Zusatzausstellung \"Strafraum Sachsen 2.0\"<\/p>\n<\/div>\n<\/div>\n\n\n<div class=\"terminbox\">\n<div>\n<p class=\"terminbox_head\">\n<b>07. April, Sa.<\/b>\n<span>11 - 19 Uhr<\/span>\n<\/p>\n<\/div>\n<div class=\"terminbox_text\">\n<p>regul\u00e4re Ausstellung<\/p>\n<\/div>\n<\/div>\n\n<div class=\"terminbox\">\n<div>\n<p class=\"terminbox_head\">\n<b>08. April, So.<\/b>\n<span>11 - 19 Uhr<\/span>\n<\/p>\n<\/div>\n<div class=\"terminbox_text\">\n<p>regul\u00e4re Ausstellung<br><b>11:30: Kombinierte Stadion- und Ausstellungsf\u00fchrung<\/b> mit Sportfotograf <a href=\"http:\/\/www.fcstpauli-visuell.de\/peter-boehmer\/\">Peter B\u00f6hmer.<\/a> Buchung <a href=\"https:\/\/www.eventimsports.de\/ols\/fcspsf\/de\/sof\/channel\/shop\/index\" target=\"_blank\">HIER.<\/a><\/p>\n<\/div>\n<\/div>\n\n<div class=\"terminbox  terminbox_light\">\n<div>\n<p class=\"terminbox_head\">\n<b>10. April, Di.<\/b>\n<span>16 - 20 Uhr<\/span>\n<\/p>\n<\/div>\n<div class=\"terminbox_text\">\n<p>regul\u00e4re Ausstellung<\/p>\n<\/div>\n<\/div>\n\n<div class=\"terminbox  terminbox_light\">\n<div>\n<p class=\"terminbox_head\">\n<b>11. April, Mi.<\/b>\n<span>16 - 20 Uhr<\/span>\n<\/p>\n<\/div>\n<div class=\"terminbox_text\">\n<p>regul\u00e4re Ausstellung<\/p>\n<\/div>\n<\/div>\n\n\n<div class=\"terminbox  terminbox_light\">\n<div>\n<p class=\"terminbox_head\">\n<b>12. April, Do.<\/b>\n<span>16 - 19 Uhr<\/span>\n<\/p>\n<\/div>\n<div class=\"terminbox_text\">\n<p>fr\u00fche Schlie\u00dfung aufgrund geschlossener Veranstaltung<\/p>\n<\/div>\n<\/div>\n\n<div class=\"terminbox  terminbox_light\">\n<div>\n<p class=\"terminbox_head\">\n<b>13. April, Fr.<\/b>\n<span>16 - 20 Uhr<\/span>\n<\/p>\n<\/div>\n<div class=\"terminbox_text\">\n<p>regul\u00e4re Ausstellung<\/p>\n<\/div>\n<\/div>\n\n<div class=\"terminbox  terminbox_light\">\n<div>\n<p class=\"terminbox_head\">\n<b>14. April, Sa.<\/b>\n<span>11 - 12:30 & 15:30 - 19 Uhr <\/span>\n<\/p>\n<\/div>\n<div class=\"terminbox_text\">\n<p>Heimspieltag! W\u00e4hrend des Spiels geschlossen<\/p>\n<\/div>\n<\/div>\n\n<div class=\"terminbox  terminbox_light\">\n<div>\n<p class=\"terminbox_head\">\n<b>15. April, So.<\/b>\n<span>11 - 19 Uhr<\/span>\n<\/p>\n<\/div>\n<div class=\"terminbox_text\">\n<p>regul\u00e4re Ausstellung<br><b>11:30: Kombinierte Stadion- und Ausstellungsf\u00fchrung<\/b> mit Sportfotograf <a href=\"http:\/\/www.fcstpauli-visuell.de\/peter-boehmer\/\">Peter B\u00f6hmer.<\/a> Buchung <a href=\"https:\/\/www.eventimsports.de\/ols\/fcspsf\/de\/sof\/channel\/shop\/index\" target=\"_blank\">HIER.<\/a><\/p>\n<\/div>\n<\/div>\n\n<div class=\"terminbox\">\n<div>\n<p class=\"terminbox_head\">\n<b>17. April, Di.<\/b>\n<span>16 - 20 Uhr<\/span>\n<\/p>\n<\/div>\n<div class=\"terminbox_text\">\n<p>regul\u00e4re Ausstellung<\/p>\n<\/div>\n<\/div>\n\n<div class=\"terminbox\">\n<div>\n<p class=\"terminbox_head\">\n<b>18. April, Mi.<\/b>\n<span>16 - 20 Uhr<\/span>\n<\/p>\n<\/div>\n<div class=\"terminbox_text\">\n<p>regul\u00e4re Ausstellung<\/p>\n<\/div>\n<\/div>\n\n<div class=\"terminbox\">\n<div>\n<p class=\"terminbox_head\">\n<b>19. April, Do.<\/b>\n<span>16 - 20 Uhr<\/span>\n<\/p>\n<\/div>\n<div class=\"terminbox_text\">\n<p>regul\u00e4re Ausstellung<br>Ab <b>20 Uhr:<\/b> Themenabend f\u00fcr AFM-Mitglieder mit O. G\u00f6ttlich, A. Rettig; Zuvor <b>18:30<\/b> AFM-Sonderf\u00fchrung mit P. B\u00f6hmer. <a href=\"https:\/\/www.fcstpauli.com\/news\/afm-themenabend-zur-50plus1-regelung\/\" target=\"_blank\">INFOS<\/a>.<\/p>\n<\/div>\n<\/div>\n\n<div class=\"terminbox\">\n<div>\n<p class=\"terminbox_head\">\n<b>20. April, Fr.<\/b>\n<span>16 - 20 Uhr<\/span>\n<\/p>\n<\/div>\n<div class=\"terminbox_text\">\n<p>regul\u00e4re Ausstellung<\/p>\n<\/div>\n<\/div>\n\n<div class=\"terminbox\">\n<div>\n<p class=\"terminbox_head\">\n<b>21. April, Sa.<\/b>\n<span>11 - 17 Uhr<\/span>\n<\/p>\n<\/div>\n<div class=\"terminbox_text\">\n<p>Verk\u00fcrzte regul\u00e4re \u00d6ffnung!<br>Anschlie\u00dfend <a href=\"https:\/\/www.langenachtdermuseen-hamburg.de\" target=\"_blank\">\"Lange Nacht der Museen\"<\/a> von 18 bis 2 Uhr. Tickets beim Kartencenter des FC St. Pauli. Programm-Infos: <a href=\"https:\/\/www.langenachtdermuseen-hamburg.de\/museen\/fc-st-pauli-museum\/\">HIER.<\/a><\/p>\n<\/div>\n<\/div>\n\n<div class=\"terminbox\">\n<div>\n<p class=\"terminbox_head\">\n<b>22. April, So.<\/b>\n<span>11 - 19 Uhr<\/span>\n<\/p>\n<\/div>\n<div class=\"terminbox_text\">\n<p>regul\u00e4re Ausstellung<br><b>11:30: Kombinierte Stadion- und Ausstellungsf\u00fchrung<\/b> mit Sportfotograf <a href=\"http:\/\/www.fcstpauli-visuell.de\/peter-boehmer\/\">Peter B\u00f6hmer.<\/a> Buchung <a href=\"https:\/\/www.eventimsports.de\/ols\/fcspsf\/de\/sof\/channel\/shop\/index\" target=\"_blank\">HIER.<\/a><\/p>\n<\/div>\n<\/div>\n\n<div class=\"terminbox  terminbox_light\">\n<div>\n<p class=\"terminbox_head\">\n<b>24. April, Di.<\/b>\n<span>16 - 20 Uhr<\/span>\n<\/p>\n<\/div>\n<div class=\"terminbox_text\">\n<p>regul\u00e4re Ausstellung<\/p>\n<\/div>\n<\/div>\n\n<div class=\"terminbox terminbox_light\">\n<div>\n<p class=\"terminbox_head\">\n<b>25. April, Mi.<\/b>\n<span>16 - 20 Uhr<\/span>\n<\/p>\n<\/div>\n<div class=\"terminbox_text\">\n<p>regul\u00e4re Ausstellung<\/p>\n<\/div>\n<\/div>\n\n<div class=\"terminbox terminbox_light\">\n<div>\n<p class=\"terminbox_head\">\n<b>28. April, Sa.<\/b>\n<span>10:30 - 19:30 Uhr<\/span>\n<\/p>\n<\/div>\n<div class=\"terminbox_text\">\n<p><b>Letzter \u00d6ffnungstag!<\/b><br>W\u00e4hrend des Spiels Pause von ca. 12:30 bis 15:30 Uhr.<\/p>\n<\/div>\n<\/div><\/div><\/div><\/div>\n<!-- \/module widget -->\n<!-- module text -->\n<div  class=\"module module-text tb_csj9705  repeat \" data-lazy=\"1\">\n        <div  class=\"tb_text_wrap\">\n        <p>Hinweis: Vom 06.04. bis 14.04. wird zu den o.g. \u00d6ffnungszeiten im Foyer zudem noch die Ausstellung &#8222;Strafraum Sachsen 2.0&#8220; <a href=\"https:\/\/strafraum-sachsen.de\/#ausstellung\" target=\"_blank\" rel=\"noopener\">[Link: https:\/\/strafraum-sachsen.de\/#ausstellung]<\/a> im Foyer des Museums zu sehen sein, organisiert von USP Antirazzista. Zur Er\u00f6ffnung am 06.04. findet um 19:10 Uhr zudem ein Vortrag zum Thema im Saal der Fanr\u00e4ume statt. <a href=\"https:\/\/www.facebook.com\/events\/2037409396286329\/\">Weitere Infos auf Facebook<\/a>.<\/p>    <\/div>\n<\/div>\n<!-- \/module text -->        <\/div>\n                        <\/div>\n        <\/div>\n                        <div  data-anchor=\"museum\" data-lazy=\"1\" class=\"module_row themify_builder_row tb_has_section tb_section-museum tb_6guw909 tf_w\">\n                        <div class=\"row_inner col_align_middle tb_col_count_2 tf_box tf_rel\">\n                        <div  data-lazy=\"1\" class=\"module_column tb-column col4-2 tb_nrgr009 first\">\n                    <!-- module plain text -->\n<div  class=\"module module-plain-text tb_i8n0015 \" data-lazy=\"1\">\n        <div class=\"tb_text_wrap\">\n    Ein Verein wie kein anderer verdient ein Museum wie kein anderes!\n\u00dcber 1910 e.V.    <\/div>\n<\/div>\n<!-- \/module plain text --><!-- module plain text -->\n<div  class=\"module module-plain-text tb_m860992 \" data-lazy=\"1\">\n        <div class=\"tb_text_wrap\">\n    Diese Ausstellung wurde realisiert durch den gemeinn\u00fctzigen F\u00f6rderverein 1910 \u2013 Museum f\u00fcr den FC St. Pauli e.V., gegr\u00fcndet 2012 von Fans und Mitgliedern des \u201eMagischen FC\u201c.\n \n1910 e.V. plant, finanziert, baut und betreibt ein Museum wie kein anderes f\u00fcr einen Verein wie keinen anderen \u2013 derzeit als \u201eMuseum in Progress\u201c mit verschiedenen tempor\u00e4ren Ausstellungen. Parallel arbeiten wir an der Finanzierung der Dauerausstellung und treiben den Ausbau unseres Dieter-Rittmeyer-Archivs voran, des ersten Vereinsarchivs zur (und in der) braun-wei\u00dfen Geschichte.\n\nSeit der Gr\u00fcndung unseres Vereins haben wir schon zahlreiche Projekte umgesetzt, vom \u201eFu\u00dfball und Liebe\u201c-Festival (2013 und 2015) \u00fcber die Millerntor-Ausstellung \u201eF*ck You Freudenhaus!\u201c (2014) bis hin zum ersten \u201eWeinfest gegen Rassismus\u201c und der vielbeachteten Ausstellung \u201eFu\u00dfball in Tr\u00fcmmern. FC St. Pauli im \u201aDritten Reich\u2018\u201c (2017).\n\nAu\u00dferdem betreiben wir die 1910-Weinbar im Foyer \u2013 immer offen bei unseren Aktionen in der Museumsfl\u00e4che und an Heimspieltagen Spieltagen. Beitrittsformulare gibt es dort am Tresen, Jedes Mitglied (ob aktiv mitmachend oder passiv f\u00f6rdernd) hilft uns, ein Museum zu bauen, wie es die Welt noch nicht gesehen hat. Mach mit und schreib Geschichte! <a href=\"http:\/\/www.1910-museum.de\/de\/mitglied-werden\/\" target=\"_blank\">>> Jetzt Mitglied werden<\/a>    <\/div>\n<\/div>\n<!-- \/module plain text -->        <\/div>\n                    <div  data-lazy=\"1\" class=\"module_column tb-column col4-2 tb_kmpi102 last\">\n                    <!-- module image -->\n<div  class=\"module module-image tb_knty111 image-center   tf_mw\" data-lazy=\"1\">\n        <div class=\"image-wrap tf_rel tf_mw\">\n            <img loading=\"lazy\" decoding=\"async\" width=\"1200\" height=\"1477\" src=\"http:\/\/blog.1910-museum.de\/fcstpauli-visuell\/wp-content\/uploads\/sites\/15\/2017-Foto-Ausstellung-Thorsten-Baering-im-FC-St-Pauli-Museum-3-Foto-Sabrina-Adeline-Nagel_preview.jpeg\" class=\"wp-post-image wp-image-66\" title=\"2017 Foto-Ausstellung Thorsten Baering im FC St Pauli-Museum 3 (Foto Sabrina Adeline Nagel)_preview\" alt=\"2017 Foto-Ausstellung Thorsten Baering im FC St Pauli-Museum 3 (Foto Sabrina Adeline Nagel)_preview\" srcset=\"http:\/\/blog.1910-museum.de\/fcstpauli-visuell\/wp-content\/uploads\/sites\/15\/2017-Foto-Ausstellung-Thorsten-Baering-im-FC-St-Pauli-Museum-3-Foto-Sabrina-Adeline-Nagel_preview.jpeg 1200w, http:\/\/blog.1910-museum.de\/fcstpauli-visuell\/wp-content\/uploads\/sites\/15\/2017-Foto-Ausstellung-Thorsten-Baering-im-FC-St-Pauli-Museum-3-Foto-Sabrina-Adeline-Nagel_preview-244x300.jpeg 244w, http:\/\/blog.1910-museum.de\/fcstpauli-visuell\/wp-content\/uploads\/sites\/15\/2017-Foto-Ausstellung-Thorsten-Baering-im-FC-St-Pauli-Museum-3-Foto-Sabrina-Adeline-Nagel_preview-768x945.jpeg 768w, http:\/\/blog.1910-museum.de\/fcstpauli-visuell\/wp-content\/uploads\/sites\/15\/2017-Foto-Ausstellung-Thorsten-Baering-im-FC-St-Pauli-Museum-3-Foto-Sabrina-Adeline-Nagel_preview-832x1024.jpeg 832w\" sizes=\"auto, (max-width: 1200px) 100vw, 1200px\" \/>    \n        <\/div>\n    <!-- \/image-wrap -->\n    \n        <\/div>\n<!-- \/module image -->        <\/div>\n                        <\/div>\n        <\/div>\n                        <div  data-anchor=\"kontakt\" data-lazy=\"1\" class=\"module_row themify_builder_row tb_has_section tb_section-kontakt tb_fx50079 tf_w\">\n                        <div class=\"row_inner col_align_middle tb_col_count_1 tf_box tf_rel\">\n                        <div  data-lazy=\"1\" class=\"module_column tb-column col-full tb_hmzy744 first\">\n                    <!-- module plain text -->\n<div  class=\"module module-plain-text tb_k0nx882  hide-desktop hide-tablet\" data-lazy=\"1\">\n        <div class=\"tb_text_wrap\">\n    \n\nDie Museumsfl\u00e4che befindet sich in der Gegengerade des Millerntor-Stadions, rechts neben dem Fanladen St. Pauli und den Fanr\u00e4umen (inkl. AFM im FC St. Pauli).\n<br><br>\nAdresse: Heiligengeistfeld 1, 20359 Hamburg.\n<br><br>\n\u00d6PNV: U-Bahn St. Pauli, S-Bahn Reeperbahn oder Bushaltestelle St. Pauli.\n    <\/div>\n<\/div>\n<!-- \/module plain text --><!-- module image -->\n<div  class=\"module module-image tb_1ee8721 image-center   tf_mw hide-desktop hide-tablet\" data-lazy=\"1\">\n        <div class=\"image-wrap tf_rel tf_mw\">\n            <img loading=\"lazy\" decoding=\"async\" width=\"842\" height=\"595\" src=\"http:\/\/blog.1910-museum.de\/fcstpauli-visuell\/wp-content\/uploads\/sites\/15\/stadionplan_08_CS5_Lageplan_Treffpunkt-Museum.png\" class=\"wp-post-image wp-image-50\" title=\"Lageplan Museum\" alt=\"Lageplan Museum\" srcset=\"http:\/\/blog.1910-museum.de\/fcstpauli-visuell\/wp-content\/uploads\/sites\/15\/stadionplan_08_CS5_Lageplan_Treffpunkt-Museum.png 842w, http:\/\/blog.1910-museum.de\/fcstpauli-visuell\/wp-content\/uploads\/sites\/15\/stadionplan_08_CS5_Lageplan_Treffpunkt-Museum-300x212.png 300w, http:\/\/blog.1910-museum.de\/fcstpauli-visuell\/wp-content\/uploads\/sites\/15\/stadionplan_08_CS5_Lageplan_Treffpunkt-Museum-768x543.png 768w\" sizes=\"auto, (max-width: 842px) 100vw, 842px\" \/>    \n        <\/div>\n    <!-- \/image-wrap -->\n    \n        <\/div>\n<!-- \/module image -->        <div  data-lazy=\"1\" class=\"module_subrow themify_builder_sub_row tf_w col_align_top tb_col_count_2 tb_7mk6979\">\n                <div  data-lazy=\"1\" class=\"module_column sub_column col4-2 tb_9ezz710 first\">\n                    <!-- module plain text -->\n<div  class=\"module module-plain-text tb_lro2070  hide-mobile\" data-lazy=\"1\">\n        <div class=\"tb_text_wrap\">\n    \n\nDie Museumsfl\u00e4che befindet sich in der Gegengerade des Millerntor-Stadions,<br>\nrechts neben dem Fanladen St. Pauli und den Fanr\u00e4umen (inkl. AFM im FC St. Pauli).\n<br><br>\nAdresse: Heiligengeistfeld 1, 20359 Hamburg.\n<br><br>\n\u00d6PNV: U-Bahn St. Pauli, S-Bahn Reeperbahn oder Bushaltestelle St. Pauli.\n    <\/div>\n<\/div>\n<!-- \/module plain text -->        <\/div>\n                    <div  data-lazy=\"1\" class=\"module_column sub_column col4-2 tb_sb4f003 last\">\n                    <!-- module gallery -->\n<div  class=\"module gallery module-gallery tb_8a0s139 layout-lightboxed   hide-mobile\" data-lazy=\"1\">\n        <dl class=\"gallery-item tf_hidden\">\n                    <dt class=\"gallery-icon\">\n                <a data-title=\"\" href=\"http:\/\/blog.1910-museum.de\/fcstpauli-visuell\/wp-content\/uploads\/sites\/15\/stadionplan_08_CS5_Lageplan_Treffpunkt-Museum.png\" title=\"Lageplan Museum\" data-rel=\"tb_8a0s139\" class=\"themify_lightbox\" data-t=\"Lageplan Museum\">\n        \n                <img loading=\"lazy\" decoding=\"async\" width=\"842\" height=\"595\" src=\"http:\/\/blog.1910-museum.de\/fcstpauli-visuell\/wp-content\/uploads\/sites\/15\/stadionplan_08_CS5_Lageplan_Treffpunkt-Museum.png\" class=\"wp-post-image wp-image-50\" title=\"Lageplan Museum\" alt=\"Lageplan Museum\" srcset=\"http:\/\/blog.1910-museum.de\/fcstpauli-visuell\/wp-content\/uploads\/sites\/15\/stadionplan_08_CS5_Lageplan_Treffpunkt-Museum.png 842w, http:\/\/blog.1910-museum.de\/fcstpauli-visuell\/wp-content\/uploads\/sites\/15\/stadionplan_08_CS5_Lageplan_Treffpunkt-Museum-300x212.png 300w, http:\/\/blog.1910-museum.de\/fcstpauli-visuell\/wp-content\/uploads\/sites\/15\/stadionplan_08_CS5_Lageplan_Treffpunkt-Museum-768x543.png 768w\" sizes=\"auto, (max-width: 842px) 100vw, 842px\" \/>\n                        <\/a>\n            <\/dt>\n                    <\/dl>\n\n<\/div>\n<!-- \/module gallery -->        <\/div>\n                    <\/div>\n                <div  data-lazy=\"1\" class=\"module_subrow themify_builder_sub_row tf_w col_align_top tb_col_count_3 tb_mhcj030\">\n                <div  data-lazy=\"1\" class=\"module_column sub_column col3-1 tb_vqyh030 first\">\n                    <!-- module plain text -->\n<div  class=\"module module-plain-text tb_5knh102 \" data-lazy=\"1\">\n        <div class=\"tb_text_wrap\">\n    \n\nIMPRESSUM\n<br><br><br><br>\n\n\n1910 \u2013 Museum f\u00fcr den FC St. Pauli e.V.<br>\nHarald-Stender-Platz 1<br>\n20359 Hamburg<br>\n<br><br><br><br>\nE-Mail: info[at]1910-museum.de \n    <\/div>\n<\/div>\n<!-- \/module plain text -->        <\/div>\n                    <div  data-lazy=\"1\" class=\"module_column sub_column col3-1 tb_dctj272\">\n                    <!-- module plain text -->\n<div  class=\"module module-plain-text tb_twym130 \" data-lazy=\"1\">\n        <div class=\"tb_text_wrap\">\n    \n\nVorstandsvorsitzender: <br>\nMichael Pahl<br>\n<br><br><br><br>\nStellvertreter: <br>\nS\u00f6nke Goldbeck<br>\nRoger Hasenbein<br>\nChristoph Nagel<br>\nTjark Woydt\n    <\/div>\n<\/div>\n<!-- \/module plain text -->        <\/div>\n                    <div  data-lazy=\"1\" class=\"module_column sub_column col3-1 tb_2udc107 last\">\n                    <!-- module plain text -->\n<div  class=\"module module-plain-text tb_fbgl031 \" data-lazy=\"1\">\n        <div class=\"tb_text_wrap\">\n    \n\nUSt.-Identifikationsnummer:<br>\nDE290344711<br>\n<br>\nRegisternummer<br>\nVR 21561 (Amtsgericht Hamburg)<br>\n<br>\nFotos: Antje Frohm\u00fcller \/\/ Ariane Gramelspacher \/\/ Peter B\u00f6hmer \/\/ Selim Sudheimer \/\/ Sabine Scheller \/\/ Swen Schulz \/\/ 1910-Archiv<br><br>\nDesign &#038; Programmierung: beniwerth.de<br>    <\/div>\n<\/div>\n<!-- \/module plain text -->        <\/div>\n                    <\/div>\n                <\/div>\n                        <\/div>\n        <\/div>\n        <\/div>\n<!--\/themify_builder_content-->","protected":false},"excerpt":{"rendered":"<p>Konfetti und Tr\u00e4nen. Flutlicht und Schatten. Gro\u00dfe Gef\u00fchle und kleine Gesten: Die neue Ausstellung im FC St. Pauli-Museum zeigt beeindruckende Bilder aus dem Herzen des Vereins. Und zwar genau dort, [&hellip;]<\/p>\n","protected":false},"author":18,"featured_media":0,"parent":0,"menu_order":0,"comment_status":"closed","ping_status":"closed","template":"","meta":{"_acf_changed":false,"footnotes":""},"class_list":["post-18","page","type-page","status-publish","hentry","has-post-title","has-post-date","has-post-category","has-post-tag","has-post-comment","has-post-author",""],"acf":[],"yoast_head":"<!-- This site is optimized with the Yoast SEO plugin v26.6 - https:\/\/yoast.com\/wordpress\/plugins\/seo\/ -->\n<title>Home - FC St. Pauli visuell<\/title>\n<meta name=\"robots\" content=\"index, follow, max-snippet:-1, max-image-preview:large, max-video-preview:-1\" \/>\n<link rel=\"canonical\" href=\"http:\/\/blog.1910-museum.de\/fcstpauli-visuell\/\" \/>\n<meta property=\"og:locale\" content=\"de_DE\" \/>\n<meta property=\"og:type\" content=\"article\" \/>\n<meta property=\"og:title\" content=\"Home - FC St. Pauli visuell\" \/>\n<meta property=\"og:description\" content=\"Konfetti und Tr\u00e4nen. Flutlicht und Schatten. Gro\u00dfe Gef\u00fchle und kleine Gesten: Die neue Ausstellung im FC St. Pauli-Museum zeigt beeindruckende Bilder aus dem Herzen des Vereins. Und zwar genau dort, [&hellip;]\" \/>\n<meta property=\"og:url\" content=\"http:\/\/blog.1910-museum.de\/fcstpauli-visuell\/\" \/>\n<meta property=\"og:site_name\" content=\"FC St. Pauli visuell\" \/>\n<meta property=\"article:modified_time\" content=\"2020-06-10T11:30:02+00:00\" \/>\n<meta property=\"og:image\" content=\"http:\/\/blog.1910-museum.de\/fcstpauli-visuell\/wp-content\/uploads\/sites\/15\/stadionplan_08_CS5_Lageplan_Treffpunkt-Museum-150x150.png\" \/>\n<meta name=\"twitter:card\" content=\"summary_large_image\" \/>\n<meta name=\"twitter:label1\" content=\"Gesch\u00e4tzte Lesezeit\" \/>\n\t<meta name=\"twitter:data1\" content=\"7\u00a0Minuten\" \/>\n<script type=\"application\/ld+json\" class=\"yoast-schema-graph\">{\"@context\":\"https:\/\/schema.org\",\"@graph\":[{\"@type\":\"WebPage\",\"@id\":\"http:\/\/blog.1910-museum.de\/fcstpauli-visuell\/\",\"url\":\"http:\/\/blog.1910-museum.de\/fcstpauli-visuell\/\",\"name\":\"Home - FC St. Pauli visuell\",\"isPartOf\":{\"@id\":\"http:\/\/blog.1910-museum.de\/fcstpauli-visuell\/#website\"},\"primaryImageOfPage\":{\"@id\":\"http:\/\/blog.1910-museum.de\/fcstpauli-visuell\/#primaryimage\"},\"image\":{\"@id\":\"http:\/\/blog.1910-museum.de\/fcstpauli-visuell\/#primaryimage\"},\"thumbnailUrl\":\"http:\/\/blog.1910-museum.de\/fcstpauli-visuell\/wp-content\/uploads\/sites\/15\/Visuell_Startseite-1.png\",\"datePublished\":\"2018-03-10T09:40:47+00:00\",\"dateModified\":\"2020-06-10T11:30:02+00:00\",\"breadcrumb\":{\"@id\":\"http:\/\/blog.1910-museum.de\/fcstpauli-visuell\/#breadcrumb\"},\"inLanguage\":\"de\",\"potentialAction\":[{\"@type\":\"ReadAction\",\"target\":[\"http:\/\/blog.1910-museum.de\/fcstpauli-visuell\/\"]}]},{\"@type\":\"ImageObject\",\"inLanguage\":\"de\",\"@id\":\"http:\/\/blog.1910-museum.de\/fcstpauli-visuell\/#primaryimage\",\"url\":\"http:\/\/blog.1910-museum.de\/fcstpauli-visuell\/wp-content\/uploads\/sites\/15\/Visuell_Startseite-1.png\",\"contentUrl\":\"http:\/\/blog.1910-museum.de\/fcstpauli-visuell\/wp-content\/uploads\/sites\/15\/Visuell_Startseite-1.png\",\"width\":1200,\"height\":574},{\"@type\":\"BreadcrumbList\",\"@id\":\"http:\/\/blog.1910-museum.de\/fcstpauli-visuell\/#breadcrumb\",\"itemListElement\":[{\"@type\":\"ListItem\",\"position\":1,\"name\":\"Startseite\",\"item\":\"http:\/\/blog.1910-museum.de\/fcstpauli-visuell\/\"},{\"@type\":\"ListItem\",\"position\":2,\"name\":\"Home\"}]},{\"@type\":\"WebSite\",\"@id\":\"http:\/\/blog.1910-museum.de\/fcstpauli-visuell\/#website\",\"url\":\"http:\/\/blog.1910-museum.de\/fcstpauli-visuell\/\",\"name\":\"FC St. Pauli visuell\",\"description\":\"Fotografische Ansichtssachen vom Millerntor\",\"potentialAction\":[{\"@type\":\"SearchAction\",\"target\":{\"@type\":\"EntryPoint\",\"urlTemplate\":\"http:\/\/blog.1910-museum.de\/fcstpauli-visuell\/?s={search_term_string}\"},\"query-input\":{\"@type\":\"PropertyValueSpecification\",\"valueRequired\":true,\"valueName\":\"search_term_string\"}}],\"inLanguage\":\"de\"}]}<\/script>\n<!-- \/ Yoast SEO plugin. -->","yoast_head_json":{"title":"Home - FC St. Pauli visuell","robots":{"index":"index","follow":"follow","max-snippet":"max-snippet:-1","max-image-preview":"max-image-preview:large","max-video-preview":"max-video-preview:-1"},"canonical":"http:\/\/blog.1910-museum.de\/fcstpauli-visuell\/","og_locale":"de_DE","og_type":"article","og_title":"Home - FC St. Pauli visuell","og_description":"Konfetti und Tr\u00e4nen. Flutlicht und Schatten. Gro\u00dfe Gef\u00fchle und kleine Gesten: Die neue Ausstellung im FC St. Pauli-Museum zeigt beeindruckende Bilder aus dem Herzen des Vereins. Und zwar genau dort, [&hellip;]","og_url":"http:\/\/blog.1910-museum.de\/fcstpauli-visuell\/","og_site_name":"FC St. Pauli visuell","article_modified_time":"2020-06-10T11:30:02+00:00","og_image":[{"url":"http:\/\/blog.1910-museum.de\/fcstpauli-visuell\/wp-content\/uploads\/sites\/15\/stadionplan_08_CS5_Lageplan_Treffpunkt-Museum-150x150.png","type":"","width":"","height":""}],"twitter_card":"summary_large_image","twitter_misc":{"Gesch\u00e4tzte Lesezeit":"7\u00a0Minuten"},"schema":{"@context":"https:\/\/schema.org","@graph":[{"@type":"WebPage","@id":"http:\/\/blog.1910-museum.de\/fcstpauli-visuell\/","url":"http:\/\/blog.1910-museum.de\/fcstpauli-visuell\/","name":"Home - FC St. Pauli visuell","isPartOf":{"@id":"http:\/\/blog.1910-museum.de\/fcstpauli-visuell\/#website"},"primaryImageOfPage":{"@id":"http:\/\/blog.1910-museum.de\/fcstpauli-visuell\/#primaryimage"},"image":{"@id":"http:\/\/blog.1910-museum.de\/fcstpauli-visuell\/#primaryimage"},"thumbnailUrl":"http:\/\/blog.1910-museum.de\/fcstpauli-visuell\/wp-content\/uploads\/sites\/15\/Visuell_Startseite-1.png","datePublished":"2018-03-10T09:40:47+00:00","dateModified":"2020-06-10T11:30:02+00:00","breadcrumb":{"@id":"http:\/\/blog.1910-museum.de\/fcstpauli-visuell\/#breadcrumb"},"inLanguage":"de","potentialAction":[{"@type":"ReadAction","target":["http:\/\/blog.1910-museum.de\/fcstpauli-visuell\/"]}]},{"@type":"ImageObject","inLanguage":"de","@id":"http:\/\/blog.1910-museum.de\/fcstpauli-visuell\/#primaryimage","url":"http:\/\/blog.1910-museum.de\/fcstpauli-visuell\/wp-content\/uploads\/sites\/15\/Visuell_Startseite-1.png","contentUrl":"http:\/\/blog.1910-museum.de\/fcstpauli-visuell\/wp-content\/uploads\/sites\/15\/Visuell_Startseite-1.png","width":1200,"height":574},{"@type":"BreadcrumbList","@id":"http:\/\/blog.1910-museum.de\/fcstpauli-visuell\/#breadcrumb","itemListElement":[{"@type":"ListItem","position":1,"name":"Startseite","item":"http:\/\/blog.1910-museum.de\/fcstpauli-visuell\/"},{"@type":"ListItem","position":2,"name":"Home"}]},{"@type":"WebSite","@id":"http:\/\/blog.1910-museum.de\/fcstpauli-visuell\/#website","url":"http:\/\/blog.1910-museum.de\/fcstpauli-visuell\/","name":"FC St. Pauli visuell","description":"Fotografische Ansichtssachen vom Millerntor","potentialAction":[{"@type":"SearchAction","target":{"@type":"EntryPoint","urlTemplate":"http:\/\/blog.1910-museum.de\/fcstpauli-visuell\/?s={search_term_string}"},"query-input":{"@type":"PropertyValueSpecification","valueRequired":true,"valueName":"search_term_string"}}],"inLanguage":"de"}]}},"_links":{"self":[{"href":"http:\/\/www.fcstpauli-visuell.de\/fcstpauli-visuell\/wp-json\/wp\/v2\/pages\/18","targetHints":{"allow":["GET"]}}],"collection":[{"href":"http:\/\/www.fcstpauli-visuell.de\/fcstpauli-visuell\/wp-json\/wp\/v2\/pages"}],"about":[{"href":"http:\/\/www.fcstpauli-visuell.de\/fcstpauli-visuell\/wp-json\/wp\/v2\/types\/page"}],"author":[{"embeddable":true,"href":"http:\/\/www.fcstpauli-visuell.de\/fcstpauli-visuell\/wp-json\/wp\/v2\/users\/18"}],"replies":[{"embeddable":true,"href":"http:\/\/www.fcstpauli-visuell.de\/fcstpauli-visuell\/wp-json\/wp\/v2\/comments?post=18"}],"version-history":[{"count":152,"href":"http:\/\/www.fcstpauli-visuell.de\/fcstpauli-visuell\/wp-json\/wp\/v2\/pages\/18\/revisions"}],"predecessor-version":[{"id":423,"href":"http:\/\/www.fcstpauli-visuell.de\/fcstpauli-visuell\/wp-json\/wp\/v2\/pages\/18\/revisions\/423"}],"wp:attachment":[{"href":"http:\/\/www.fcstpauli-visuell.de\/fcstpauli-visuell\/wp-json\/wp\/v2\/media?parent=18"}],"curies":[{"name":"wp","href":"https:\/\/api.w.org\/{rel}","templated":true}]}}