{"id":129,"date":"2018-03-12T18:53:17","date_gmt":"2018-03-12T17:53:17","guid":{"rendered":"http:\/\/www.fcstpauli-visuell.de\/?page_id=129"},"modified":"2020-06-10T14:08:48","modified_gmt":"2020-06-10T12:08:48","slug":"sabine-scheller","status":"publish","type":"page","link":"http:\/\/blog.1910-museum.de\/fcstpauli-visuell\/sabine-scheller\/","title":{"rendered":"Sabine Scheller"},"content":{"rendered":"<!--themify_builder_content-->\n<div id=\"themify_builder_content-129\" data-postid=\"129\" class=\"themify_builder_content themify_builder_content-129 themify_builder tf_clear\">\n                    <div  data-lazy=\"1\" class=\"module_row themify_builder_row tb_2oth999 tb_first tf_w\">\n                        <div class=\"row_inner col_align_top tb_col_count_2 tf_box tf_rel\">\n                        <div  data-lazy=\"1\" class=\"module_column tb-column col4-2 tb_ib0r022 first\">\n                            <div  data-lazy=\"1\" class=\"module_subrow themify_builder_sub_row tf_w col_align_top tb_col_count_2 tb_yrsi001\">\n                <div  data-lazy=\"1\" class=\"module_column sub_column col4-2 tb_rmas055 first\">\n                    <!-- module image -->\n<div  class=\"module module-image tb_70wx475 image-left   tf_mw\" data-lazy=\"1\">\n        <div class=\"image-wrap tf_rel tf_mw\">\n            <img loading=\"lazy\" decoding=\"async\" src=\"http:\/\/blog.1910-museum.de\/fcstpauli-visuell\/wp-content\/uploads\/sites\/15\/Fotografenprofil_SabineScheller_StefanGroenveld_20170527_013-200x129.jpg\" width=\"200\" height=\"129\" class=\"wp-post-image wp-image-25\" title=\"Fotografenprofil_SabineScheller_StefanGroenveld_20170527_013\" alt=\"Fotografenprofil_SabineScheller_StefanGroenveld_20170527_013\" srcset=\"http:\/\/blog.1910-museum.de\/fcstpauli-visuell\/wp-content\/uploads\/sites\/15\/Fotografenprofil_SabineScheller_StefanGroenveld_20170527_013-200x129.jpg 200w, http:\/\/blog.1910-museum.de\/fcstpauli-visuell\/wp-content\/uploads\/sites\/15\/Fotografenprofil_SabineScheller_StefanGroenveld_20170527_013-300x194.jpg 300w, http:\/\/blog.1910-museum.de\/fcstpauli-visuell\/wp-content\/uploads\/sites\/15\/Fotografenprofil_SabineScheller_StefanGroenveld_20170527_013.jpg 400w\" sizes=\"auto, (max-width: 200px) 100vw, 200px\" \/>    \n        <\/div>\n    <!-- \/image-wrap -->\n    \n        <\/div>\n<!-- \/module image -->        <\/div>\n                    <div  data-lazy=\"1\" class=\"module_column sub_column col4-2 tb_0a7n001 last\">\n                    <!-- module plain text -->\n<div  class=\"module module-plain-text tb_0u4y100 \" data-lazy=\"1\">\n        <div class=\"tb_text_wrap\">\n    Sabine Scheller    <\/div>\n<\/div>\n<!-- \/module plain text --><!-- module text -->\n<div  class=\"module module-text tb_xp7o766  repeat \" data-lazy=\"1\">\n        <div  class=\"tb_text_wrap\">\n        <p><a href=\"http:\/\/sabinescheller.de\/\" target=\"_blank\" rel=\"noopener\"><strong>sabinescheller.de<\/strong><\/a><\/p>    <\/div>\n<\/div>\n<!-- \/module text -->        <\/div>\n                    <\/div>\n        <!-- module text -->\n<div  class=\"module module-text tb_6bb4407  repeat \" data-lazy=\"1\">\n        <div  class=\"tb_text_wrap\">\n        <p>Ein lautstarkes Millerntor. Das geh\u00f6rt zu jedem Spiel. Und einmal davon gefangen, ist es kaum m\u00f6glich, sich vom FC St. Pauli wieder zu l\u00f6sen.<\/p>\n<p>Ich schreibe und fotografiere. Auf der Stra\u00dfe und als Dokumentation. Um einen unscheinbaren Moment festzuhalten oder um eine Geschichte zu erz\u00e4hlen.<\/p>\n<p>So auch, als ich das erste Mal vor drei Jahren ein Spiel am Millerntor sah. Mit eigenem Fu\u00dfball-Hintergrund sofort gepackt und nicht mehr losgelassen. Und seit dem Umzug nach Hamburg mit festem Platz auf der S\u00fcdtrib\u00fcne. Als Fan. Aber die Kamera griffbereit, um meine Eindr\u00fccke festzuhalten und die einzigartige Stimmung des Millerntores in Worten und Bildern nach au\u00dfen zu transportieren. Erst digital. Inzwischen zumeist analog auf Film. Schwarz-wei\u00df, hochkontrastig und rau. Gleich den Stimmb\u00e4ndern nach 90 Minuten. Meine Bilder zeigen die S\u00fcd. So wie sie ist. So wie sie jeder liebt.<\/p>    <\/div>\n<\/div>\n<!-- \/module text -->        <\/div>\n                    <div  data-lazy=\"1\" class=\"module_column tb-column col4-2 tb_7n7z001 last\">\n                    <!-- module image -->\n<div  class=\"module module-image tb_6du2180 image-center   tf_mw\" data-lazy=\"1\">\n        <div class=\"image-wrap tf_rel tf_mw\">\n            <img loading=\"lazy\" decoding=\"async\" width=\"1600\" height=\"1067\" src=\"http:\/\/blog.1910-museum.de\/fcstpauli-visuell\/wp-content\/uploads\/sites\/15\/148F19_20160529_sabinescheller_fcspvisuell_final_80x53.jpg\" class=\"wp-post-image wp-image-133\" title=\"148F19_20160529_sabinescheller_fcspvisuell_final_80x53\" alt=\"148F19_20160529_sabinescheller_fcspvisuell_final_80x53\" srcset=\"http:\/\/blog.1910-museum.de\/fcstpauli-visuell\/wp-content\/uploads\/sites\/15\/148F19_20160529_sabinescheller_fcspvisuell_final_80x53.jpg 1600w, http:\/\/blog.1910-museum.de\/fcstpauli-visuell\/wp-content\/uploads\/sites\/15\/148F19_20160529_sabinescheller_fcspvisuell_final_80x53-300x200.jpg 300w, http:\/\/blog.1910-museum.de\/fcstpauli-visuell\/wp-content\/uploads\/sites\/15\/148F19_20160529_sabinescheller_fcspvisuell_final_80x53-768x512.jpg 768w, http:\/\/blog.1910-museum.de\/fcstpauli-visuell\/wp-content\/uploads\/sites\/15\/148F19_20160529_sabinescheller_fcspvisuell_final_80x53-1024x683.jpg 1024w\" sizes=\"auto, (max-width: 1600px) 100vw, 1600px\" \/>    \n        <\/div>\n    <!-- \/image-wrap -->\n    \n        <\/div>\n<!-- \/module image -->        <\/div>\n                        <\/div>\n        <\/div>\n        <\/div>\n<!--\/themify_builder_content-->","protected":false},"excerpt":{"rendered":"<p>Sabine Scheller sabinescheller.de Ein lautstarkes Millerntor. Das geh\u00f6rt zu jedem Spiel. Und einmal davon gefangen, ist es kaum m\u00f6glich, sich vom FC St. Pauli wieder zu l\u00f6sen. Ich schreibe und [&hellip;]<\/p>\n","protected":false},"author":18,"featured_media":0,"parent":0,"menu_order":0,"comment_status":"closed","ping_status":"closed","template":"","meta":{"_acf_changed":false,"footnotes":""},"class_list":["post-129","page","type-page","status-publish","hentry","has-post-title","has-post-date","has-post-category","has-post-tag","has-post-comment","has-post-author",""],"acf":[],"yoast_head":"<!-- This site is optimized with the Yoast SEO plugin v26.6 - https:\/\/yoast.com\/wordpress\/plugins\/seo\/ -->\n<title>Sabine Scheller - FC St. Pauli visuell<\/title>\n<meta name=\"robots\" content=\"index, follow, max-snippet:-1, max-image-preview:large, max-video-preview:-1\" \/>\n<link rel=\"canonical\" href=\"http:\/\/blog.1910-museum.de\/fcstpauli-visuell\/sabine-scheller\/\" \/>\n<meta property=\"og:locale\" content=\"de_DE\" \/>\n<meta property=\"og:type\" content=\"article\" \/>\n<meta property=\"og:title\" content=\"Sabine Scheller - FC St. Pauli visuell\" \/>\n<meta property=\"og:description\" content=\"Sabine Scheller sabinescheller.de Ein lautstarkes Millerntor. Das geh\u00f6rt zu jedem Spiel. Und einmal davon gefangen, ist es kaum m\u00f6glich, sich vom FC St. Pauli wieder zu l\u00f6sen. Ich schreibe und [&hellip;]\" \/>\n<meta property=\"og:url\" content=\"http:\/\/blog.1910-museum.de\/fcstpauli-visuell\/sabine-scheller\/\" \/>\n<meta property=\"og:site_name\" content=\"FC St. Pauli visuell\" \/>\n<meta property=\"article:modified_time\" content=\"2020-06-10T12:08:48+00:00\" \/>\n<meta property=\"og:image\" content=\"http:\/\/blog.1910-museum.de\/fcstpauli-visuell\/wp-content\/uploads\/sites\/15\/Fotografenprofil_SabineScheller_StefanGroenveld_20170527_013-200x129.jpg\" \/>\n<meta name=\"twitter:card\" content=\"summary_large_image\" \/>\n<meta name=\"twitter:label1\" content=\"Gesch\u00e4tzte Lesezeit\" \/>\n\t<meta name=\"twitter:data1\" content=\"1\u00a0Minute\" \/>\n<script type=\"application\/ld+json\" class=\"yoast-schema-graph\">{\"@context\":\"https:\/\/schema.org\",\"@graph\":[{\"@type\":\"WebPage\",\"@id\":\"http:\/\/blog.1910-museum.de\/fcstpauli-visuell\/sabine-scheller\/\",\"url\":\"http:\/\/blog.1910-museum.de\/fcstpauli-visuell\/sabine-scheller\/\",\"name\":\"Sabine Scheller - FC St. Pauli visuell\",\"isPartOf\":{\"@id\":\"http:\/\/blog.1910-museum.de\/fcstpauli-visuell\/#website\"},\"primaryImageOfPage\":{\"@id\":\"http:\/\/blog.1910-museum.de\/fcstpauli-visuell\/sabine-scheller\/#primaryimage\"},\"image\":{\"@id\":\"http:\/\/blog.1910-museum.de\/fcstpauli-visuell\/sabine-scheller\/#primaryimage\"},\"thumbnailUrl\":\"http:\/\/blog.1910-museum.de\/fcstpauli-visuell\/wp-content\/uploads\/sites\/15\/Fotografenprofil_SabineScheller_StefanGroenveld_20170527_013-200x129.jpg\",\"datePublished\":\"2018-03-12T17:53:17+00:00\",\"dateModified\":\"2020-06-10T12:08:48+00:00\",\"breadcrumb\":{\"@id\":\"http:\/\/blog.1910-museum.de\/fcstpauli-visuell\/sabine-scheller\/#breadcrumb\"},\"inLanguage\":\"de\",\"potentialAction\":[{\"@type\":\"ReadAction\",\"target\":[\"http:\/\/blog.1910-museum.de\/fcstpauli-visuell\/sabine-scheller\/\"]}]},{\"@type\":\"ImageObject\",\"inLanguage\":\"de\",\"@id\":\"http:\/\/blog.1910-museum.de\/fcstpauli-visuell\/sabine-scheller\/#primaryimage\",\"url\":\"http:\/\/blog.1910-museum.de\/fcstpauli-visuell\/wp-content\/uploads\/sites\/15\/Fotografenprofil_SabineScheller_StefanGroenveld_20170527_013.jpg\",\"contentUrl\":\"http:\/\/blog.1910-museum.de\/fcstpauli-visuell\/wp-content\/uploads\/sites\/15\/Fotografenprofil_SabineScheller_StefanGroenveld_20170527_013.jpg\",\"width\":400,\"height\":258},{\"@type\":\"BreadcrumbList\",\"@id\":\"http:\/\/blog.1910-museum.de\/fcstpauli-visuell\/sabine-scheller\/#breadcrumb\",\"itemListElement\":[{\"@type\":\"ListItem\",\"position\":1,\"name\":\"Startseite\",\"item\":\"http:\/\/blog.1910-museum.de\/fcstpauli-visuell\/\"},{\"@type\":\"ListItem\",\"position\":2,\"name\":\"Sabine Scheller\"}]},{\"@type\":\"WebSite\",\"@id\":\"http:\/\/blog.1910-museum.de\/fcstpauli-visuell\/#website\",\"url\":\"http:\/\/blog.1910-museum.de\/fcstpauli-visuell\/\",\"name\":\"FC St. Pauli visuell\",\"description\":\"Fotografische Ansichtssachen vom Millerntor\",\"potentialAction\":[{\"@type\":\"SearchAction\",\"target\":{\"@type\":\"EntryPoint\",\"urlTemplate\":\"http:\/\/blog.1910-museum.de\/fcstpauli-visuell\/?s={search_term_string}\"},\"query-input\":{\"@type\":\"PropertyValueSpecification\",\"valueRequired\":true,\"valueName\":\"search_term_string\"}}],\"inLanguage\":\"de\"}]}<\/script>\n<!-- \/ Yoast SEO plugin. -->","yoast_head_json":{"title":"Sabine Scheller - FC St. Pauli visuell","robots":{"index":"index","follow":"follow","max-snippet":"max-snippet:-1","max-image-preview":"max-image-preview:large","max-video-preview":"max-video-preview:-1"},"canonical":"http:\/\/blog.1910-museum.de\/fcstpauli-visuell\/sabine-scheller\/","og_locale":"de_DE","og_type":"article","og_title":"Sabine Scheller - FC St. Pauli visuell","og_description":"Sabine Scheller sabinescheller.de Ein lautstarkes Millerntor. Das geh\u00f6rt zu jedem Spiel. Und einmal davon gefangen, ist es kaum m\u00f6glich, sich vom FC St. Pauli wieder zu l\u00f6sen. Ich schreibe und [&hellip;]","og_url":"http:\/\/blog.1910-museum.de\/fcstpauli-visuell\/sabine-scheller\/","og_site_name":"FC St. Pauli visuell","article_modified_time":"2020-06-10T12:08:48+00:00","og_image":[{"url":"http:\/\/blog.1910-museum.de\/fcstpauli-visuell\/wp-content\/uploads\/sites\/15\/Fotografenprofil_SabineScheller_StefanGroenveld_20170527_013-200x129.jpg","type":"","width":"","height":""}],"twitter_card":"summary_large_image","twitter_misc":{"Gesch\u00e4tzte Lesezeit":"1\u00a0Minute"},"schema":{"@context":"https:\/\/schema.org","@graph":[{"@type":"WebPage","@id":"http:\/\/blog.1910-museum.de\/fcstpauli-visuell\/sabine-scheller\/","url":"http:\/\/blog.1910-museum.de\/fcstpauli-visuell\/sabine-scheller\/","name":"Sabine Scheller - FC St. Pauli visuell","isPartOf":{"@id":"http:\/\/blog.1910-museum.de\/fcstpauli-visuell\/#website"},"primaryImageOfPage":{"@id":"http:\/\/blog.1910-museum.de\/fcstpauli-visuell\/sabine-scheller\/#primaryimage"},"image":{"@id":"http:\/\/blog.1910-museum.de\/fcstpauli-visuell\/sabine-scheller\/#primaryimage"},"thumbnailUrl":"http:\/\/blog.1910-museum.de\/fcstpauli-visuell\/wp-content\/uploads\/sites\/15\/Fotografenprofil_SabineScheller_StefanGroenveld_20170527_013-200x129.jpg","datePublished":"2018-03-12T17:53:17+00:00","dateModified":"2020-06-10T12:08:48+00:00","breadcrumb":{"@id":"http:\/\/blog.1910-museum.de\/fcstpauli-visuell\/sabine-scheller\/#breadcrumb"},"inLanguage":"de","potentialAction":[{"@type":"ReadAction","target":["http:\/\/blog.1910-museum.de\/fcstpauli-visuell\/sabine-scheller\/"]}]},{"@type":"ImageObject","inLanguage":"de","@id":"http:\/\/blog.1910-museum.de\/fcstpauli-visuell\/sabine-scheller\/#primaryimage","url":"http:\/\/blog.1910-museum.de\/fcstpauli-visuell\/wp-content\/uploads\/sites\/15\/Fotografenprofil_SabineScheller_StefanGroenveld_20170527_013.jpg","contentUrl":"http:\/\/blog.1910-museum.de\/fcstpauli-visuell\/wp-content\/uploads\/sites\/15\/Fotografenprofil_SabineScheller_StefanGroenveld_20170527_013.jpg","width":400,"height":258},{"@type":"BreadcrumbList","@id":"http:\/\/blog.1910-museum.de\/fcstpauli-visuell\/sabine-scheller\/#breadcrumb","itemListElement":[{"@type":"ListItem","position":1,"name":"Startseite","item":"http:\/\/blog.1910-museum.de\/fcstpauli-visuell\/"},{"@type":"ListItem","position":2,"name":"Sabine Scheller"}]},{"@type":"WebSite","@id":"http:\/\/blog.1910-museum.de\/fcstpauli-visuell\/#website","url":"http:\/\/blog.1910-museum.de\/fcstpauli-visuell\/","name":"FC St. Pauli visuell","description":"Fotografische Ansichtssachen vom Millerntor","potentialAction":[{"@type":"SearchAction","target":{"@type":"EntryPoint","urlTemplate":"http:\/\/blog.1910-museum.de\/fcstpauli-visuell\/?s={search_term_string}"},"query-input":{"@type":"PropertyValueSpecification","valueRequired":true,"valueName":"search_term_string"}}],"inLanguage":"de"}]}},"_links":{"self":[{"href":"http:\/\/www.fcstpauli-visuell.de\/fcstpauli-visuell\/wp-json\/wp\/v2\/pages\/129","targetHints":{"allow":["GET"]}}],"collection":[{"href":"http:\/\/www.fcstpauli-visuell.de\/fcstpauli-visuell\/wp-json\/wp\/v2\/pages"}],"about":[{"href":"http:\/\/www.fcstpauli-visuell.de\/fcstpauli-visuell\/wp-json\/wp\/v2\/types\/page"}],"author":[{"embeddable":true,"href":"http:\/\/www.fcstpauli-visuell.de\/fcstpauli-visuell\/wp-json\/wp\/v2\/users\/18"}],"replies":[{"embeddable":true,"href":"http:\/\/www.fcstpauli-visuell.de\/fcstpauli-visuell\/wp-json\/wp\/v2\/comments?post=129"}],"version-history":[{"count":7,"href":"http:\/\/www.fcstpauli-visuell.de\/fcstpauli-visuell\/wp-json\/wp\/v2\/pages\/129\/revisions"}],"predecessor-version":[{"id":182,"href":"http:\/\/www.fcstpauli-visuell.de\/fcstpauli-visuell\/wp-json\/wp\/v2\/pages\/129\/revisions\/182"}],"wp:attachment":[{"href":"http:\/\/www.fcstpauli-visuell.de\/fcstpauli-visuell\/wp-json\/wp\/v2\/media?parent=129"}],"curies":[{"name":"wp","href":"https:\/\/api.w.org\/{rel}","templated":true}]}}